{"id":35471,"date":"2026-04-17T17:44:16","date_gmt":"2026-04-17T15:44:16","guid":{"rendered":"https:\/\/artmotiers.ch\/artiste-2026\/augustin-rebetez\/"},"modified":"2026-04-17T17:44:16","modified_gmt":"2026-04-17T15:44:16","slug":"augustin-rebetez","status":"publish","type":"artiste-2026","link":"https:\/\/artmotiers.ch\/de\/artiste-2026\/augustin-rebetez\/","title":{"rendered":"Augustin Rebetez"},"content":{"rendered":"<p>Augustin Rebetez est un artiste pluridisciplinaire form\u00e9 \u00e0 l\u2019\u00c9cole de photographie de Vevey. Photographe devenu artiste touche-\u00e0-tout, il d\u00e9veloppe depuis plus de quinze ans un univers foisonnant m\u00ealant dessin, peinture, vid\u00e9o, sculpture, th\u00e9\u00e2tre et installations qu\u2019il met en sc\u00e8ne notamment dans sa \u00ab\u00a0Maison totale\u00a0\u00bb \u00e0 B\u00f4le (NE). Son travail donne naissance \u00e0 des mondes peupl\u00e9s de figures hybrides, o\u00f9 le r\u00eave et l\u2019absurde cohabitent.<\/p>\n","protected":false},"featured_media":35472,"template":"","class_list":["post-35471","artiste-2026","type-artiste-2026","status-publish","has-post-thumbnail","hentry"],"acf":[],"yoast_head":"<!-- This site is optimized with the Yoast SEO plugin v27.4 - https:\/\/yoast.com\/product\/yoast-seo-wordpress\/ -->\n<title>Augustin Rebetez &#8211; Art M\u00f4tiers<\/title>\n<meta name=\"robots\" content=\"index, follow, max-snippet:-1, max-image-preview:large, max-video-preview:-1\" \/>\n<link rel=\"canonical\" href=\"https:\/\/artmotiers.ch\/de\/artiste-2026\/augustin-rebetez\/\" \/>\n<meta property=\"og:locale\" content=\"de_DE\" \/>\n<meta property=\"og:type\" content=\"article\" \/>\n<meta property=\"og:title\" content=\"Augustin Rebetez &#8211; Art M\u00f4tiers\" \/>\n<meta property=\"og:description\" content=\"Augustin Rebetez est un artiste pluridisciplinaire form\u00e9 \u00e0 l\u2019\u00c9cole de photographie de Vevey. Photographe devenu artiste touche-\u00e0-tout, il d\u00e9veloppe depuis plus de quinze ans un univers foisonnant m\u00ealant dessin, peinture, vid\u00e9o, sculpture, th\u00e9\u00e2tre et installations qu\u2019il met en sc\u00e8ne notamment dans sa \u00ab\u00a0Maison totale\u00a0\u00bb \u00e0 B\u00f4le (NE). Son travail donne naissance \u00e0 des mondes peupl\u00e9s [&hellip;]\" \/>\n<meta property=\"og:url\" content=\"https:\/\/artmotiers.ch\/de\/artiste-2026\/augustin-rebetez\/\" \/>\n<meta property=\"og:site_name\" content=\"Art M\u00f4tiers\" \/>\n<meta property=\"og:image\" content=\"https:\/\/artmotiers.ch\/wp-content\/uploads\/2025\/06\/ART_MOTIERS_logo.jpg\" \/>\n\t<meta property=\"og:image:width\" content=\"1200\" \/>\n\t<meta property=\"og:image:height\" content=\"675\" \/>\n\t<meta property=\"og:image:type\" content=\"image\/jpeg\" \/>\n<meta name=\"twitter:card\" content=\"summary_large_image\" \/>\n<script type=\"application\/ld+json\" class=\"yoast-schema-graph\">{\"@context\":\"https:\\\/\\\/schema.org\",\"@graph\":[{\"@type\":\"WebPage\",\"@id\":\"https:\\\/\\\/artmotiers.ch\\\/de\\\/artiste-2026\\\/augustin-rebetez\\\/\",\"url\":\"https:\\\/\\\/artmotiers.ch\\\/de\\\/artiste-2026\\\/augustin-rebetez\\\/\",\"name\":\"Augustin Rebetez &#8211; Art M\u00f4tiers\",\"isPartOf\":{\"@id\":\"https:\\\/\\\/artmotiers.ch\\\/de\\\/#website\"},\"primaryImageOfPage\":{\"@id\":\"https:\\\/\\\/artmotiers.ch\\\/de\\\/artiste-2026\\\/augustin-rebetez\\\/#primaryimage\"},\"image\":{\"@id\":\"https:\\\/\\\/artmotiers.ch\\\/de\\\/artiste-2026\\\/augustin-rebetez\\\/#primaryimage\"},\"thumbnailUrl\":\"https:\\\/\\\/artmotiers.ch\\\/wp-content\\\/uploads\\\/2026\\\/04\\\/Rebetez_Augustin-Portrait-c-Monsef-Winteler_2500px.webp\",\"datePublished\":\"2026-04-17T15:44:16+00:00\",\"breadcrumb\":{\"@id\":\"https:\\\/\\\/artmotiers.ch\\\/de\\\/artiste-2026\\\/augustin-rebetez\\\/#breadcrumb\"},\"inLanguage\":\"de\",\"potentialAction\":[{\"@type\":\"ReadAction\",\"target\":[\"https:\\\/\\\/artmotiers.ch\\\/de\\\/artiste-2026\\\/augustin-rebetez\\\/\"]}]},{\"@type\":\"ImageObject\",\"inLanguage\":\"de\",\"@id\":\"https:\\\/\\\/artmotiers.ch\\\/de\\\/artiste-2026\\\/augustin-rebetez\\\/#primaryimage\",\"url\":\"https:\\\/\\\/artmotiers.ch\\\/wp-content\\\/uploads\\\/2026\\\/04\\\/Rebetez_Augustin-Portrait-c-Monsef-Winteler_2500px.webp\",\"contentUrl\":\"https:\\\/\\\/artmotiers.ch\\\/wp-content\\\/uploads\\\/2026\\\/04\\\/Rebetez_Augustin-Portrait-c-Monsef-Winteler_2500px.webp\",\"width\":1666,\"height\":2500},{\"@type\":\"BreadcrumbList\",\"@id\":\"https:\\\/\\\/artmotiers.ch\\\/de\\\/artiste-2026\\\/augustin-rebetez\\\/#breadcrumb\",\"itemListElement\":[{\"@type\":\"ListItem\",\"position\":1,\"name\":\"Accueil\",\"item\":\"https:\\\/\\\/artmotiers.ch\\\/de\\\/expo2026\\\/\"},{\"@type\":\"ListItem\",\"position\":2,\"name\":\"Augustin Rebetez\"}]},{\"@type\":\"WebSite\",\"@id\":\"https:\\\/\\\/artmotiers.ch\\\/de\\\/#website\",\"url\":\"https:\\\/\\\/artmotiers.ch\\\/de\\\/\",\"name\":\"Art M\u00f4tiers\",\"description\":\"Expo en plein air\",\"publisher\":{\"@id\":\"https:\\\/\\\/artmotiers.ch\\\/de\\\/#organization\"},\"potentialAction\":[{\"@type\":\"SearchAction\",\"target\":{\"@type\":\"EntryPoint\",\"urlTemplate\":\"https:\\\/\\\/artmotiers.ch\\\/de\\\/?s={search_term_string}\"},\"query-input\":{\"@type\":\"PropertyValueSpecification\",\"valueRequired\":true,\"valueName\":\"search_term_string\"}}],\"inLanguage\":\"de\"},{\"@type\":\"Organization\",\"@id\":\"https:\\\/\\\/artmotiers.ch\\\/de\\\/#organization\",\"name\":\"Art M\u00f4tiers\",\"url\":\"https:\\\/\\\/artmotiers.ch\\\/de\\\/\",\"logo\":{\"@type\":\"ImageObject\",\"inLanguage\":\"de\",\"@id\":\"https:\\\/\\\/artmotiers.ch\\\/de\\\/#\\\/schema\\\/logo\\\/image\\\/\",\"url\":\"https:\\\/\\\/artmotiers.ch\\\/wp-content\\\/uploads\\\/2024\\\/10\\\/ART_MOTIERS_LOGO.png\",\"contentUrl\":\"https:\\\/\\\/artmotiers.ch\\\/wp-content\\\/uploads\\\/2024\\\/10\\\/ART_MOTIERS_LOGO.png\",\"width\":6108,\"height\":3582,\"caption\":\"Art M\u00f4tiers\"},\"image\":{\"@id\":\"https:\\\/\\\/artmotiers.ch\\\/de\\\/#\\\/schema\\\/logo\\\/image\\\/\"}}]}<\/script>\n<!-- \/ Yoast SEO plugin. -->","yoast_head_json":{"title":"Augustin Rebetez &#8211; Art M\u00f4tiers","robots":{"index":"index","follow":"follow","max-snippet":"max-snippet:-1","max-image-preview":"max-image-preview:large","max-video-preview":"max-video-preview:-1"},"canonical":"https:\/\/artmotiers.ch\/de\/artiste-2026\/augustin-rebetez\/","og_locale":"de_DE","og_type":"article","og_title":"Augustin Rebetez &#8211; Art M\u00f4tiers","og_description":"Augustin Rebetez est un artiste pluridisciplinaire form\u00e9 \u00e0 l\u2019\u00c9cole de photographie de Vevey. Photographe devenu artiste touche-\u00e0-tout, il d\u00e9veloppe depuis plus de quinze ans un univers foisonnant m\u00ealant dessin, peinture, vid\u00e9o, sculpture, th\u00e9\u00e2tre et installations qu\u2019il met en sc\u00e8ne notamment dans sa \u00ab\u00a0Maison totale\u00a0\u00bb \u00e0 B\u00f4le (NE). Son travail donne naissance \u00e0 des mondes peupl\u00e9s [&hellip;]","og_url":"https:\/\/artmotiers.ch\/de\/artiste-2026\/augustin-rebetez\/","og_site_name":"Art M\u00f4tiers","og_image":[{"width":1200,"height":675,"url":"https:\/\/artmotiers.ch\/wp-content\/uploads\/2025\/06\/ART_MOTIERS_logo.jpg","type":"image\/jpeg"}],"twitter_card":"summary_large_image","schema":{"@context":"https:\/\/schema.org","@graph":[{"@type":"WebPage","@id":"https:\/\/artmotiers.ch\/de\/artiste-2026\/augustin-rebetez\/","url":"https:\/\/artmotiers.ch\/de\/artiste-2026\/augustin-rebetez\/","name":"Augustin Rebetez &#8211; Art M\u00f4tiers","isPartOf":{"@id":"https:\/\/artmotiers.ch\/de\/#website"},"primaryImageOfPage":{"@id":"https:\/\/artmotiers.ch\/de\/artiste-2026\/augustin-rebetez\/#primaryimage"},"image":{"@id":"https:\/\/artmotiers.ch\/de\/artiste-2026\/augustin-rebetez\/#primaryimage"},"thumbnailUrl":"https:\/\/artmotiers.ch\/wp-content\/uploads\/2026\/04\/Rebetez_Augustin-Portrait-c-Monsef-Winteler_2500px.webp","datePublished":"2026-04-17T15:44:16+00:00","breadcrumb":{"@id":"https:\/\/artmotiers.ch\/de\/artiste-2026\/augustin-rebetez\/#breadcrumb"},"inLanguage":"de","potentialAction":[{"@type":"ReadAction","target":["https:\/\/artmotiers.ch\/de\/artiste-2026\/augustin-rebetez\/"]}]},{"@type":"ImageObject","inLanguage":"de","@id":"https:\/\/artmotiers.ch\/de\/artiste-2026\/augustin-rebetez\/#primaryimage","url":"https:\/\/artmotiers.ch\/wp-content\/uploads\/2026\/04\/Rebetez_Augustin-Portrait-c-Monsef-Winteler_2500px.webp","contentUrl":"https:\/\/artmotiers.ch\/wp-content\/uploads\/2026\/04\/Rebetez_Augustin-Portrait-c-Monsef-Winteler_2500px.webp","width":1666,"height":2500},{"@type":"BreadcrumbList","@id":"https:\/\/artmotiers.ch\/de\/artiste-2026\/augustin-rebetez\/#breadcrumb","itemListElement":[{"@type":"ListItem","position":1,"name":"Accueil","item":"https:\/\/artmotiers.ch\/de\/expo2026\/"},{"@type":"ListItem","position":2,"name":"Augustin Rebetez"}]},{"@type":"WebSite","@id":"https:\/\/artmotiers.ch\/de\/#website","url":"https:\/\/artmotiers.ch\/de\/","name":"Art M\u00f4tiers","description":"Expo en plein air","publisher":{"@id":"https:\/\/artmotiers.ch\/de\/#organization"},"potentialAction":[{"@type":"SearchAction","target":{"@type":"EntryPoint","urlTemplate":"https:\/\/artmotiers.ch\/de\/?s={search_term_string}"},"query-input":{"@type":"PropertyValueSpecification","valueRequired":true,"valueName":"search_term_string"}}],"inLanguage":"de"},{"@type":"Organization","@id":"https:\/\/artmotiers.ch\/de\/#organization","name":"Art M\u00f4tiers","url":"https:\/\/artmotiers.ch\/de\/","logo":{"@type":"ImageObject","inLanguage":"de","@id":"https:\/\/artmotiers.ch\/de\/#\/schema\/logo\/image\/","url":"https:\/\/artmotiers.ch\/wp-content\/uploads\/2024\/10\/ART_MOTIERS_LOGO.png","contentUrl":"https:\/\/artmotiers.ch\/wp-content\/uploads\/2024\/10\/ART_MOTIERS_LOGO.png","width":6108,"height":3582,"caption":"Art M\u00f4tiers"},"image":{"@id":"https:\/\/artmotiers.ch\/de\/#\/schema\/logo\/image\/"}}]}},"_links":{"self":[{"href":"https:\/\/artmotiers.ch\/de\/wp-json\/wp\/v2\/artiste-2026\/35471","targetHints":{"allow":["GET"]}}],"collection":[{"href":"https:\/\/artmotiers.ch\/de\/wp-json\/wp\/v2\/artiste-2026"}],"about":[{"href":"https:\/\/artmotiers.ch\/de\/wp-json\/wp\/v2\/types\/artiste-2026"}],"wp:featuredmedia":[{"embeddable":true,"href":"https:\/\/artmotiers.ch\/de\/wp-json\/wp\/v2\/media\/35472"}],"wp:attachment":[{"href":"https:\/\/artmotiers.ch\/de\/wp-json\/wp\/v2\/media?parent=35471"}],"curies":[{"name":"wp","href":"https:\/\/api.w.org\/{rel}","templated":true}]}}